{"id":1862,"date":"2020-03-05T15:03:58","date_gmt":"2020-03-05T14:03:58","guid":{"rendered":"https:\/\/grotte-de-trabuc.com\/histoire\/"},"modified":"2021-05-03T14:43:23","modified_gmt":"2021-05-03T12:43:23","slug":"historia","status":"publish","type":"page","link":"https:\/\/grotte-de-trabuc.com\/es\/historia\/","title":{"rendered":"Historia"},"content":{"rendered":"<div class=\"fusion-fullwidth fullwidth-box fusion-builder-row-1 nonhundred-percent-fullwidth non-hundred-percent-height-scrolling\" style=\"--awb-border-radius-top-left:0px;--awb-border-radius-top-right:0px;--awb-border-radius-bottom-right:0px;--awb-border-radius-bottom-left:0px;--awb-flex-wrap:wrap;\" ><div class=\"fusion-builder-row fusion-row\"><div class=\"fusion-layout-column fusion_builder_column fusion-builder-column-0 fusion_builder_column_1_1 1_1 fusion-one-full fusion-column-first fusion-column-last\" style=\"--awb-bg-size:cover;--awb-margin-bottom:0px;\"><div class=\"fusion-column-wrapper fusion-flex-column-wrapper-legacy\"><div class=\"fusion-title title fusion-title-1 fusion-sep-none fusion-title-center fusion-title-text fusion-title-size-two\" style=\"--awb-margin-top:40px;--awb-margin-bottom:40px;\"><h2 class=\"fusion-title-heading title-heading-center\" style=\"margin:0;\">Cronolog\u00eda<\/h2><\/div><div class=\"fusion-content-boxes content-boxes columns row fusion-columns-1 fusion-columns-total-5 fusion-content-boxes-1 content-boxes-timeline-horizontal content-left content-boxes-icon-on-top content-boxes-timeline-layout frise-chrono fusion-delayed-animation\" style=\"--awb-title-color:#052930;--awb-iconcolor:#20a8c1;--awb-margin-top:0px;--awb-margin-bottom:0px;--awb-hover-accent-color:#352f2d;--awb-circle-hover-accent-color:transparent;--awb-item-margin-bottom:40px;\" data-animation-delay=\"350\" data-animationOffset=\"top-into-view\"><div style=\"--awb-backgroundcolor:rgba(255,255,255,0);--awb-iconcolor:#20a8c1;\" class=\"fusion-column content-box-column content-box-column content-box-column-1 col-lg-12 col-md-12 col-sm-12 fusion-content-box-hover content-box-column-last-in-row\"><div class=\"col content-box-wrapper content-wrapper link-area-link-icon icon-hover-animation-none fusion-animated\" data-animationType=\"fadeIn\" data-animationDuration=\"0.25\" data-animationOffset=\"top-into-view\"><div class=\"heading heading-with-icon icon-left\"><div class=\"icon\" style=\"-webkit-animation-duration: 350ms;animation-duration: 350ms;\"><i style=\"background-color:transparent;border-color:transparent;height:auto;width: 15px;line-height:normal;font-size:15px;\" aria-hidden=\"true\" class=\"fontawesome-icon fa-circle fas circle-no\"><\/i><\/div><h2 class=\"content-box-heading\" style=\"--h2_typography-font-size:24px;line-height:29px;\">1602-1710<\/h2><\/div><div class=\"fusion-clearfix\"><\/div><div class=\"content-container\">\n<p>Ocupaci\u00f3n de los Camisardos en &#8220;Viejo Trabuc&#8221;<\/p>\n<\/div><\/div><\/div><div style=\"--awb-backgroundcolor:rgba(255,255,255,0);--awb-iconcolor:#20a8c1;\" class=\"fusion-column content-box-column content-box-column content-box-column-2 col-lg-12 col-md-12 col-sm-12 fusion-content-box-hover content-box-column-last-in-row\"><div class=\"col content-box-wrapper content-wrapper link-area-link-icon icon-hover-animation-none fusion-animated\" data-animationType=\"fadeIn\" data-animationDuration=\"0.25\" data-animationOffset=\"top-into-view\"><div class=\"heading heading-with-icon icon-left\"><div class=\"icon\" style=\"-webkit-animation-duration: 350ms;animation-duration: 350ms;\"><i style=\"background-color:transparent;border-color:transparent;height:auto;width: 15px;line-height:normal;font-size:15px;\" aria-hidden=\"true\" class=\"fontawesome-icon fa-circle fas circle-no\"><\/i><\/div><h2 class=\"content-box-heading\" style=\"--h2_typography-font-size:24px;line-height:29px;\">1790<\/h2><\/div><div class=\"fusion-clearfix\"><\/div><div class=\"content-container\">\n<p>Escondite de los Trabuca\u00efres (bandidos)<\/p>\n<\/div><\/div><\/div><div style=\"--awb-backgroundcolor:rgba(255,255,255,0);--awb-iconcolor:#20a8c1;\" class=\"fusion-column content-box-column content-box-column content-box-column-3 col-lg-12 col-md-12 col-sm-12 fusion-content-box-hover content-box-column-last-in-row\"><div class=\"col content-box-wrapper content-wrapper link-area-link-icon icon-hover-animation-none fusion-animated\" data-animationType=\"fadeIn\" data-animationDuration=\"0.25\" data-animationOffset=\"top-into-view\"><div class=\"heading heading-with-icon icon-left\"><div class=\"icon\" style=\"-webkit-animation-duration: 350ms;animation-duration: 350ms;\"><i style=\"background-color:transparent;border-color:transparent;height:auto;width: 15px;line-height:normal;font-size:15px;\" aria-hidden=\"true\" class=\"fontawesome-icon fa-circle fas circle-no\"><\/i><\/div><h2 class=\"content-box-heading\" style=\"--h2_typography-font-size:24px;line-height:29px;\">1945<\/h2><\/div><div class=\"fusion-clearfix\"><\/div><div class=\"content-container\">\n<p>\u00a1El a\u00f1o de todas las exploraciones!<br \/>\nDescubrimiento del nuevo Trabuc por Georges Vaucher<\/p>\n<\/div><\/div><\/div><div style=\"--awb-backgroundcolor:rgba(255,255,255,0);--awb-iconcolor:#20a8c1;\" class=\"fusion-column content-box-column content-box-column content-box-column-4 col-lg-12 col-md-12 col-sm-12 fusion-content-box-hover content-box-column-last-in-row\"><div class=\"col content-box-wrapper content-wrapper link-area-link-icon icon-hover-animation-none fusion-animated\" data-animationType=\"fadeIn\" data-animationDuration=\"0.25\" data-animationOffset=\"top-into-view\"><div class=\"heading heading-with-icon icon-left\"><div class=\"icon\" style=\"-webkit-animation-duration: 350ms;animation-duration: 350ms;\"><i style=\"background-color:transparent;border-color:transparent;height:auto;width: 15px;line-height:normal;font-size:15px;\" aria-hidden=\"true\" class=\"fontawesome-icon fa-circle fas circle-no\"><\/i><\/div><h2 class=\"content-box-heading\" style=\"--h2_typography-font-size:24px;line-height:29px;\">1950<\/h2><\/div><div class=\"fusion-clearfix\"><\/div><div class=\"content-container\">\n<div class=\"fusion-column content-box-column content-box-column content-box-column-4 col-lg-12 col-md-12 col-sm-12 fusion-content-box-hover content-box-column-last-in-row fusion-appear\">\n<div class=\"col content-box-wrapper content-wrapper link-area-link-icon icon-hover-animation-none fusion-animated\" data-animationtype=\"fadeIn\" data-animationduration=\"0.25\" data-animationoffset=\"100%\">\n<div class=\"content-container\">\n<p>Perforaci\u00f3n del t\u00fanel de acceso desde la parte superior para equipamiento inicial de la cueva,<br \/>\nel C\u00edrculo Amistoso de los Menores de Alesian<\/p>\n<\/div>\n<\/div>\n<\/div>\n<\/div><\/div><\/div><div style=\"--awb-backgroundcolor:rgba(255,255,255,0);--awb-iconcolor:#20a8c1;\" class=\"fusion-column content-box-column content-box-column content-box-column-5 col-lg-12 col-md-12 col-sm-12 fusion-content-box-hover content-box-column-last content-box-column-last-in-row\"><div class=\"col content-box-wrapper content-wrapper link-area-link-icon icon-hover-animation-none fusion-animated\" data-animationType=\"fadeIn\" data-animationDuration=\"0.25\" data-animationOffset=\"top-into-view\"><div class=\"heading heading-with-icon icon-left\"><div class=\"icon\" style=\"-webkit-animation-duration: 350ms;animation-duration: 350ms;\"><i style=\"background-color:transparent;border-color:transparent;height:auto;width: 15px;line-height:normal;font-size:15px;\" aria-hidden=\"true\" class=\"fontawesome-icon fa-circle fas circle-no\"><\/i><\/div><h2 class=\"content-box-heading\" style=\"--h2_typography-font-size:24px;line-height:29px;\">1973<\/h2><\/div><div class=\"fusion-clearfix\"><\/div><div class=\"content-container\">\n<p>Desarrollo tur\u00edstico<\/p>\n<\/div><\/div><\/div><div class=\"fusion-clearfix\"><\/div><\/div><div class=\"fusion-sep-clear\"><\/div><div class=\"fusion-separator fusion-full-width-sep\" style=\"margin-left: auto;margin-right: auto;margin-top:40px;margin-bottom:40px;width:100%;\"><div class=\"fusion-separator-border sep-single\" style=\"--awb-height:20px;--awb-amount:20px;border-color:#b9ab9a;border-top-width:2px;\"><\/div><\/div><div class=\"fusion-sep-clear\"><\/div><div class=\"fusion-clearfix\"><\/div><\/div><\/div><div class=\"fusion-layout-column fusion_builder_column fusion-builder-column-1 fusion_builder_column_3_5 3_5 fusion-three-fifth fusion-column-first\" style=\"--awb-bg-size:cover;width:60%;width:calc(60% - ( ( 4% ) * 0.6 ) );margin-right: 4%;\"><div class=\"fusion-column-wrapper fusion-column-has-shadow fusion-flex-column-wrapper-legacy\"><div class=\"fusion-text fusion-text-1\"><p>La Cueva de Trabuc es conocida desde la m\u00e1s lejana antig\u00fcedad. E. Dumas habla de los descubrimientos de osamentas y de utensilios que demuestran que fueron habitadas por los hombres prehist\u00f3ricos y hasta la \u00e9poca romana. Estas ocupaciones se explican f\u00e1cilmente.<\/p>\n<p>La estrecha entrada natural y la presencia de una amplia sala dotada de agua conjugan la facilidad de defensa y la posibilidad de esconderse, estas condiciones fueron favorables al h\u00e1bitat. M\u00e1s adelante, la cueva servir\u00e1 de refugio y polvorer\u00eda de los Camisardos (protestantes hugonotes de principios del siglo XVIII). Las tropas del rey cerraron la entrada, as\u00ed como las entradas de las otras cuevas, para eliminar esos escondrijos invulnerables.<\/p>\n<\/div><div class=\"fusion-clearfix\"><\/div><\/div><\/div><div class=\"fusion-layout-column fusion_builder_column fusion-builder-column-2 fusion_builder_column_2_5 2_5 fusion-two-fifth fusion-column-last\" style=\"--awb-bg-size:cover;width:40%;width:calc(40% - ( ( 4% ) * 0.4 ) );\"><div class=\"fusion-column-wrapper fusion-column-has-shadow fusion-flex-column-wrapper-legacy\"><div class=\"fusion-image-element in-legacy-container\" style=\"--awb-caption-title-font-family:var(--h2_typography-font-family);--awb-caption-title-font-weight:var(--h2_typography-font-weight);--awb-caption-title-font-style:var(--h2_typography-font-style);--awb-caption-title-size:var(--h2_typography-font-size);--awb-caption-title-transform:var(--h2_typography-text-transform);--awb-caption-title-line-height:var(--h2_typography-line-height);--awb-caption-title-letter-spacing:var(--h2_typography-letter-spacing);\"><span class=\" fusion-imageframe imageframe-none imageframe-1 hover-type-none\"><img decoding=\"async\" width=\"1397\" height=\"1003\" title=\"Percement du tunnel archive Vaucher\" src=\"https:\/\/grotte-de-trabuc.com\/wp-content\/uploads\/2021\/02\/Percement-du-tunnel-archive-Vaucher.jpg\" alt class=\"img-responsive wp-image-8246\" srcset=\"https:\/\/grotte-de-trabuc.com\/wp-content\/uploads\/2021\/02\/Percement-du-tunnel-archive-Vaucher-200x144.jpg 200w, https:\/\/grotte-de-trabuc.com\/wp-content\/uploads\/2021\/02\/Percement-du-tunnel-archive-Vaucher-400x287.jpg 400w, https:\/\/grotte-de-trabuc.com\/wp-content\/uploads\/2021\/02\/Percement-du-tunnel-archive-Vaucher-600x431.jpg 600w, https:\/\/grotte-de-trabuc.com\/wp-content\/uploads\/2021\/02\/Percement-du-tunnel-archive-Vaucher-800x574.jpg 800w, https:\/\/grotte-de-trabuc.com\/wp-content\/uploads\/2021\/02\/Percement-du-tunnel-archive-Vaucher-1200x862.jpg 1200w, https:\/\/grotte-de-trabuc.com\/wp-content\/uploads\/2021\/02\/Percement-du-tunnel-archive-Vaucher.jpg 1397w\" sizes=\"(max-width: 800px) 100vw, 600px\" \/><\/span><\/div><div class=\"fusion-text fusion-text-2\"><p style=\"text-align: center;\"><strong>Apertura del t\u00fanel en 1950<\/strong><\/p>\n<\/div><div class=\"fusion-clearfix\"><\/div><\/div><\/div><div class=\"fusion-layout-column fusion_builder_column fusion-builder-column-3 fusion_builder_column_2_5 2_5 fusion-two-fifth fusion-column-first\" style=\"--awb-bg-size:cover;width:40%;width:calc(40% - ( ( 4% ) * 0.4 ) );margin-right: 4%;\"><div class=\"fusion-column-wrapper fusion-column-has-shadow fusion-flex-column-wrapper-legacy\"><div class=\"fusion-image-element fusion-image-align-center in-legacy-container\" style=\"text-align:center;--awb-caption-title-font-family:var(--h2_typography-font-family);--awb-caption-title-font-weight:var(--h2_typography-font-weight);--awb-caption-title-font-style:var(--h2_typography-font-style);--awb-caption-title-size:var(--h2_typography-font-size);--awb-caption-title-transform:var(--h2_typography-text-transform);--awb-caption-title-line-height:var(--h2_typography-line-height);--awb-caption-title-letter-spacing:var(--h2_typography-letter-spacing);\"><div class=\"imageframe-align-center\"><span class=\" fusion-imageframe imageframe-none imageframe-2 hover-type-none\"><img decoding=\"async\" width=\"4032\" height=\"3024\" title=\"Trabucco NB\" src=\"https:\/\/grotte-de-trabuc.com\/wp-content\/uploads\/2021\/05\/Trabucco-NB.png\" alt class=\"img-responsive wp-image-9321\" srcset=\"https:\/\/grotte-de-trabuc.com\/wp-content\/uploads\/2021\/05\/Trabucco-NB-200x150.png 200w, https:\/\/grotte-de-trabuc.com\/wp-content\/uploads\/2021\/05\/Trabucco-NB-400x300.png 400w, https:\/\/grotte-de-trabuc.com\/wp-content\/uploads\/2021\/05\/Trabucco-NB-600x450.png 600w, https:\/\/grotte-de-trabuc.com\/wp-content\/uploads\/2021\/05\/Trabucco-NB-800x600.png 800w, https:\/\/grotte-de-trabuc.com\/wp-content\/uploads\/2021\/05\/Trabucco-NB-1200x900.png 1200w, https:\/\/grotte-de-trabuc.com\/wp-content\/uploads\/2021\/05\/Trabucco-NB.png 4032w\" sizes=\"(max-width: 800px) 100vw, 600px\" \/><\/span><\/div><\/div><div class=\"fusion-text fusion-text-3\"><p style=\"text-align: center;\"><strong>El trabucco, el rifle de los Trabuca\u00efres<br \/>\n<\/strong><\/p>\n<\/div><div class=\"fusion-clearfix\"><\/div><\/div><\/div><div class=\"fusion-layout-column fusion_builder_column fusion-builder-column-4 fusion_builder_column_3_5 3_5 fusion-three-fifth fusion-column-last\" style=\"--awb-bg-size:cover;width:60%;width:calc(60% - ( ( 4% ) * 0.6 ) );\"><div class=\"fusion-column-wrapper fusion-column-has-shadow fusion-flex-column-wrapper-legacy\"><div class=\"fusion-text fusion-text-4\"><p>Se cree que, un siglo m\u00e1s tarde, sirvieron de refugio de delincuentes y bandidos. El nombre de la cueva provendr\u00eda de esta \u00e9poca problem\u00e1tica.<br \/>\nLos bandoleros portaban un &#8220;trabuc&#8221;, peligrosa arma de fuego de grueso calibre, con un ca\u00f1\u00f3n corto, una arma muy eficaz al ser cargada de p\u00f3lvora. En lengua occitana a estos bandoleros se les llamaban &#8220;Trabuca\u00efres&#8221; porque llevaban y usaban el trabucco.<\/p>\n<p>Estos exploradores patibularios fueron m\u00e1s tarde reemplazados por &#8220;exploradores serios&#8221;, precursores de la espeleolog\u00eda, puesto que esta palabra no exist\u00eda a\u00fan, estos \u00faltimos empezaron a develar los secretos de la cueva.<\/p>\n<\/div><div class=\"fusion-clearfix\"><\/div><\/div><\/div><div class=\"fusion-layout-column fusion_builder_column fusion-builder-column-5 fusion_builder_column_3_5 3_5 fusion-three-fifth fusion-column-first\" style=\"--awb-bg-size:cover;width:60%;width:calc(60% - ( ( 4% ) * 0.6 ) );margin-right: 4%;\"><div class=\"fusion-column-wrapper fusion-column-has-shadow fusion-flex-column-wrapper-legacy\"><div class=\"fusion-text fusion-text-5\"><p>En 1823, Nicod y Galli\u00e8re organizaron una expedici\u00f3n de tres d\u00edas consecutivos bajo tierra gracias a esta haza\u00f1a pudieron as\u00ed, con pleno derecho, figurar entre los pioneros de la espeleolog\u00eda. Fue Galli\u00e8re quien se perdi\u00f3 un d\u00eda, o m\u00e1s bien una noche, sin luz, y tuvo que pasar 52 horas antes de que se le encontrara mordisqueando los cordones de sus zapatos y bebiendo sus orines.<\/p>\n<p>Fue pr\u00e1cticamente a partir de esta \u00e9poca cuando se explor\u00f3 el conjunto de lo que llamamos las antiguas cuevas.<\/p>\n<\/div><div class=\"fusion-clearfix\"><\/div><\/div><\/div><div class=\"fusion-layout-column fusion_builder_column fusion-builder-column-6 fusion_builder_column_2_5 2_5 fusion-two-fifth fusion-column-last\" style=\"--awb-bg-size:cover;width:40%;width:calc(40% - ( ( 4% ) * 0.4 ) );\"><div class=\"fusion-column-wrapper fusion-column-has-shadow fusion-flex-column-wrapper-legacy\"><div class=\"fusion-image-element in-legacy-container\" style=\"--awb-caption-title-font-family:var(--h2_typography-font-family);--awb-caption-title-font-weight:var(--h2_typography-font-weight);--awb-caption-title-font-style:var(--h2_typography-font-style);--awb-caption-title-size:var(--h2_typography-font-size);--awb-caption-title-transform:var(--h2_typography-text-transform);--awb-caption-title-line-height:var(--h2_typography-line-height);--awb-caption-title-letter-spacing:var(--h2_typography-letter-spacing);\"><span class=\" fusion-imageframe imageframe-none imageframe-3 hover-type-none\"><img decoding=\"async\" width=\"2560\" height=\"1536\" title=\"Panneaux photos-page-003\" src=\"https:\/\/grotte-de-trabuc.com\/wp-content\/uploads\/2021\/03\/Panneaux-photos-page-003-scaled.jpg\" alt class=\"img-responsive wp-image-8688\" srcset=\"https:\/\/grotte-de-trabuc.com\/wp-content\/uploads\/2021\/03\/Panneaux-photos-page-003-200x120.jpg 200w, https:\/\/grotte-de-trabuc.com\/wp-content\/uploads\/2021\/03\/Panneaux-photos-page-003-400x240.jpg 400w, https:\/\/grotte-de-trabuc.com\/wp-content\/uploads\/2021\/03\/Panneaux-photos-page-003-600x360.jpg 600w, https:\/\/grotte-de-trabuc.com\/wp-content\/uploads\/2021\/03\/Panneaux-photos-page-003-800x480.jpg 800w, https:\/\/grotte-de-trabuc.com\/wp-content\/uploads\/2021\/03\/Panneaux-photos-page-003-1200x720.jpg 1200w, https:\/\/grotte-de-trabuc.com\/wp-content\/uploads\/2021\/03\/Panneaux-photos-page-003-scaled.jpg 2560w\" sizes=\"(max-width: 800px) 100vw, 600px\" \/><\/span><\/div><div class=\"fusion-text fusion-text-6\"><p style=\"text-align: center;\"><strong>Paso del &#8220;Trou du Vent&#8221;<\/strong><\/p>\n<\/div><div class=\"fusion-clearfix\"><\/div><\/div><\/div><div class=\"fusion-layout-column fusion_builder_column fusion-builder-column-7 fusion_builder_column_2_5 2_5 fusion-two-fifth fusion-column-first\" style=\"--awb-bg-size:cover;width:40%;width:calc(40% - ( ( 4% ) * 0.4 ) );margin-right: 4%;\"><div class=\"fusion-column-wrapper fusion-column-has-shadow fusion-flex-column-wrapper-legacy\"><div class=\"fusion-image-element in-legacy-container\" style=\"--awb-caption-title-font-family:var(--h2_typography-font-family);--awb-caption-title-font-weight:var(--h2_typography-font-weight);--awb-caption-title-font-style:var(--h2_typography-font-style);--awb-caption-title-size:var(--h2_typography-font-size);--awb-caption-title-transform:var(--h2_typography-text-transform);--awb-caption-title-line-height:var(--h2_typography-line-height);--awb-caption-title-letter-spacing:var(--h2_typography-letter-spacing);\"><span class=\" fusion-imageframe imageframe-none imageframe-4 hover-type-none\"><img decoding=\"async\" width=\"2075\" height=\"1432\" title=\"G.Vaucher d\u00e9couvre les 100 000 soldats archive Vaucher\" src=\"https:\/\/grotte-de-trabuc.com\/wp-content\/uploads\/2021\/02\/G.Vaucher-decouvre-les-100-000-soldats-archive-Vaucher.jpg\" alt class=\"img-responsive wp-image-8243\" srcset=\"https:\/\/grotte-de-trabuc.com\/wp-content\/uploads\/2021\/02\/G.Vaucher-decouvre-les-100-000-soldats-archive-Vaucher-200x138.jpg 200w, https:\/\/grotte-de-trabuc.com\/wp-content\/uploads\/2021\/02\/G.Vaucher-decouvre-les-100-000-soldats-archive-Vaucher-400x276.jpg 400w, https:\/\/grotte-de-trabuc.com\/wp-content\/uploads\/2021\/02\/G.Vaucher-decouvre-les-100-000-soldats-archive-Vaucher-600x414.jpg 600w, https:\/\/grotte-de-trabuc.com\/wp-content\/uploads\/2021\/02\/G.Vaucher-decouvre-les-100-000-soldats-archive-Vaucher-800x552.jpg 800w, https:\/\/grotte-de-trabuc.com\/wp-content\/uploads\/2021\/02\/G.Vaucher-decouvre-les-100-000-soldats-archive-Vaucher-1200x828.jpg 1200w, https:\/\/grotte-de-trabuc.com\/wp-content\/uploads\/2021\/02\/G.Vaucher-decouvre-les-100-000-soldats-archive-Vaucher.jpg 2075w\" sizes=\"(max-width: 800px) 100vw, 600px\" \/><\/span><\/div><div class=\"fusion-text fusion-text-7\"><p style=\"text-align: center;\"><strong>Descubrimiento de 100.000 soldados<br \/>\n<\/strong><strong>por G. Vaucher<\/strong><\/p>\n<\/div><div class=\"fusion-clearfix\"><\/div><\/div><\/div><div class=\"fusion-layout-column fusion_builder_column fusion-builder-column-8 fusion_builder_column_3_5 3_5 fusion-three-fifth fusion-column-last\" style=\"--awb-bg-size:cover;width:60%;width:calc(60% - ( ( 4% ) * 0.6 ) );\"><div class=\"fusion-column-wrapper fusion-column-has-shadow fusion-flex-column-wrapper-legacy\"><div class=\"fusion-text fusion-text-8\"><p>M\u00e1s tarde, en 1889 los entom\u00f3logos V. Maget y G. Mignaud descubrieron un niphargus (crust\u00e1ceo de aguas subterr\u00e1neas) bautizada como Bathyscia Mialetensis en honor de las cuevas de Mialet.<\/p>\n<p>1899 : fue durante aquel a\u00f1o cuando los primeros espele\u00f3logos recorrieron la red subterr\u00e1nea de Trabuc. Mazauric, colaborador de Martel, la describe en el bolet\u00edn de la \u00abSoci\u00e9t\u00e9 Sp\u00e9l\u00e9ologique de France\u00bb. En 1920 fue publicado en la revista &#8220;Spelunca&#8221; un plano de la red de galer\u00edas y de salas que mostraba la magnitud de la cavidad ya famosa entre los espele\u00f3logos.<\/p>\n<\/div><div class=\"fusion-clearfix\"><\/div><\/div><\/div><div class=\"fusion-layout-column fusion_builder_column fusion-builder-column-9 fusion_builder_column_3_5 3_5 fusion-three-fifth fusion-column-first\" style=\"--awb-bg-size:cover;width:60%;width:calc(60% - ( ( 4% ) * 0.6 ) );margin-right: 4%;\"><div class=\"fusion-column-wrapper fusion-column-has-shadow fusion-flex-column-wrapper-legacy\"><div class=\"fusion-text fusion-text-9\"><p>Ya en aquella \u00e9poca se llevaban a cabo visitas tur\u00edsticas de la parte profunda de las cuevas a partir de la entrada natural, el pasaje bajo &#8220;el estrangladou&#8221; conduc\u00eda a la Sala de las Piletas. En este pasaje el gu\u00eda, que sosten\u00eda la antorcha o la vela, encend\u00eda bengalas y las vend\u00eda para poder sacarse alg\u00fan dinerillo. A pesar del gran tama\u00f1o de la sala, el humo la invad\u00eda r\u00e1pidamente y el grupo, deb\u00eda encontrar la salida en las sombras.<\/p>\n<p>El 14 julio, fiesta nacional francesa, las visitas formaban parte de la fiesta.<\/p>\n<p>En 1945, comienza la era de los nuevos descubrimientos debidos a la perseverancia de M.G. Vaucher, ayudado por sus hijos, Marc y Olivier. Gracias a estas obras se exploraron m\u00e1s de 7 km de grandes redes.<\/p>\n<\/div><div class=\"fusion-clearfix\"><\/div><\/div><\/div><div class=\"fusion-layout-column fusion_builder_column fusion-builder-column-10 fusion_builder_column_2_5 2_5 fusion-two-fifth fusion-column-last\" style=\"--awb-bg-size:cover;width:40%;width:calc(40% - ( ( 4% ) * 0.4 ) );\"><div class=\"fusion-column-wrapper fusion-column-has-shadow fusion-flex-column-wrapper-legacy\"><div class=\"fusion-image-element in-legacy-container\" style=\"--awb-caption-title-font-family:var(--h2_typography-font-family);--awb-caption-title-font-weight:var(--h2_typography-font-weight);--awb-caption-title-font-style:var(--h2_typography-font-style);--awb-caption-title-size:var(--h2_typography-font-size);--awb-caption-title-transform:var(--h2_typography-text-transform);--awb-caption-title-line-height:var(--h2_typography-line-height);--awb-caption-title-letter-spacing:var(--h2_typography-letter-spacing);\"><span class=\" fusion-imageframe imageframe-none imageframe-5 hover-type-none\"><img decoding=\"async\" width=\"1719\" height=\"1288\" title=\"Inauguration 1952 ballet\" src=\"https:\/\/grotte-de-trabuc.com\/wp-content\/uploads\/2021\/03\/Inauguration-1952-ballet.jpg\" alt class=\"img-responsive wp-image-8685\" srcset=\"https:\/\/grotte-de-trabuc.com\/wp-content\/uploads\/2021\/03\/Inauguration-1952-ballet-200x150.jpg 200w, https:\/\/grotte-de-trabuc.com\/wp-content\/uploads\/2021\/03\/Inauguration-1952-ballet-400x300.jpg 400w, https:\/\/grotte-de-trabuc.com\/wp-content\/uploads\/2021\/03\/Inauguration-1952-ballet-600x450.jpg 600w, https:\/\/grotte-de-trabuc.com\/wp-content\/uploads\/2021\/03\/Inauguration-1952-ballet-800x599.jpg 800w, https:\/\/grotte-de-trabuc.com\/wp-content\/uploads\/2021\/03\/Inauguration-1952-ballet-1200x899.jpg 1200w, https:\/\/grotte-de-trabuc.com\/wp-content\/uploads\/2021\/03\/Inauguration-1952-ballet.jpg 1719w\" sizes=\"(max-width: 800px) 100vw, 600px\" \/><\/span><\/div><div class=\"fusion-text fusion-text-10\"><p style=\"text-align: center;\"><strong>Inauguraci\u00f3n de la cueva en 1952<\/strong><\/p>\n<\/div><div class=\"fusion-clearfix\"><\/div><\/div><\/div><div class=\"fusion-layout-column fusion_builder_column fusion-builder-column-11 fusion_builder_column_1_1 1_1 fusion-one-full fusion-column-first fusion-column-last\" style=\"--awb-bg-size:cover;\"><div class=\"fusion-column-wrapper fusion-column-has-shadow fusion-flex-column-wrapper-legacy\"><div class=\"fusion-text fusion-text-11\"><p>A\u00fan hoy, no se ha terminado la exploraci\u00f3n. Numerosas son las redes que presentan gran potencial \u00a1Investigaci\u00f3n de los techos, continuaci\u00f3n de las desobstrucciones, pasaje en los sifones de las redes inferiores !<\/p>\n<p>A\u00fan no se han elucidado todos los misterios de Trabuc. Como en todas las grandes redes, numerosas sorpresas esperan a los exploradores m\u00e1s perseverantes.<\/p>\n<\/div><div class=\"fusion-clearfix\"><\/div><\/div><\/div><\/div><\/div>\n<span class=\"et_bloom_bottom_trigger\"><\/span>","protected":false},"excerpt":{"rendered":"","protected":false},"author":1,"featured_media":0,"parent":0,"menu_order":0,"comment_status":"closed","ping_status":"closed","template":"","meta":{"_acf_changed":false,"inline_featured_image":false,"footnotes":""},"class_list":["post-1862","page","type-page","status-publish","hentry"],"acf":[],"_links":{"self":[{"href":"https:\/\/grotte-de-trabuc.com\/es\/wp-json\/wp\/v2\/pages\/1862","targetHints":{"allow":["GET"]}}],"collection":[{"href":"https:\/\/grotte-de-trabuc.com\/es\/wp-json\/wp\/v2\/pages"}],"about":[{"href":"https:\/\/grotte-de-trabuc.com\/es\/wp-json\/wp\/v2\/types\/page"}],"author":[{"embeddable":true,"href":"https:\/\/grotte-de-trabuc.com\/es\/wp-json\/wp\/v2\/users\/1"}],"replies":[{"embeddable":true,"href":"https:\/\/grotte-de-trabuc.com\/es\/wp-json\/wp\/v2\/comments?post=1862"}],"version-history":[{"count":16,"href":"https:\/\/grotte-de-trabuc.com\/es\/wp-json\/wp\/v2\/pages\/1862\/revisions"}],"predecessor-version":[{"id":9324,"href":"https:\/\/grotte-de-trabuc.com\/es\/wp-json\/wp\/v2\/pages\/1862\/revisions\/9324"}],"wp:attachment":[{"href":"https:\/\/grotte-de-trabuc.com\/es\/wp-json\/wp\/v2\/media?parent=1862"}],"curies":[{"name":"wp","href":"https:\/\/api.w.org\/{rel}","templated":true}]}}