{"id":483,"date":"2020-03-05T14:58:58","date_gmt":"2020-03-05T13:58:58","guid":{"rendered":"https:\/\/grotte-de-trabuc.com\/faq\/"},"modified":"2021-05-03T15:54:10","modified_gmt":"2021-05-03T13:54:10","slug":"preguntas-mas-frecuentes","status":"publish","type":"page","link":"https:\/\/grotte-de-trabuc.com\/es\/preguntas-mas-frecuentes\/","title":{"rendered":"Preguntas m\u00e1s frecuentes"},"content":{"rendered":"<div class=\"fusion-fullwidth fullwidth-box fusion-builder-row-1 nonhundred-percent-fullwidth non-hundred-percent-height-scrolling\" style=\"--awb-border-radius-top-left:0px;--awb-border-radius-top-right:0px;--awb-border-radius-bottom-right:0px;--awb-border-radius-bottom-left:0px;--awb-flex-wrap:wrap;\" ><div class=\"fusion-builder-row fusion-row\"><div class=\"fusion-layout-column fusion_builder_column fusion-builder-column-0 fusion_builder_column_1_1 1_1 fusion-one-full fusion-column-first fusion-column-last\" style=\"--awb-bg-size:cover;\"><div class=\"fusion-column-wrapper fusion-column-has-shadow fusion-flex-column-wrapper-legacy\"><a class=\"fusion-modal-text-link\" href=\"#\">\n<div class=\"faq-upper-wrapper\">\n<h2>Preguntas<\/h2>\n<div class=\"btn tout-ouvrir\" data-close=\"Cierra todo\">Abre todo<\/div>\n<\/div>\n<\/a><style type=\"text\/css\">.fusion-faqs-wrapper #accordian-1 .fusion-panel { border-color:#b9ab9a; }.fusion-faqs-wrapper #accordian-1 .fusion-panel:hover{ border-color: #b9ab9a; }.fusion-accordian #accordian-1 .panel-title a .fa-fusion-box:before{ font-size: 16px;width: 16px;}.fusion-accordian #accordian-1 .panel-title a .fa-fusion-box{ color: #ffffff;}.fusion-accordian  #accordian-1 .panel-title a{font-family:\"Montserrat\";font-style:normal;font-weight:700;}.fusion-accordian  #accordian-1 .panel-title a:not(:hover){}.fusion-accordian  #accordian-1 .toggle-content{font-family:\"Montserrat\";font-style:normal;font-weight:regular;}.fusion-accordian #accordian-1 .fa-fusion-box { background-color: #212934 !important;border-color: #212934 !important;}.fusion-accordian #accordian-1 .panel-title a:hover,.fusion-accordian #accordian-1 .panel-title a.hover { color: #20a8c1;}.fusion-faq-shortcode .fusion-accordian #accordian-1 .fusion-toggle-boxed-mode:hover .panel-title a { color: #20a8c1;}.fusion-accordian #accordian-1 .panel-title .active .fa-fusion-box,.fusion-accordian #accordian-1 .panel-title a:hover .fa-fusion-box,.fusion-accordian #accordian-1 .panel-title a.hover .fa-fusion-box { background-color: #20a8c1!important;border-color: #20a8c1!important;}<\/style><div class=\"fusion-faq-shortcode\" style=\"\"><div class=\"fusion-faqs-wrapper\"><div class=\"accordian fusion-accordian\"><div class=\"panel-group \" id=\"accordian-1\"><div class=\"fusion-panel panel-default fusion-faq-post fusion-faq-post-1893 \"><span class=\"entry-title rich-snippet-hidden\">\u00bfD\u00f3nde podemos reservar?<\/span><span class=\"vcard rich-snippet-hidden\"><span class=\"fn\"><a href=\"https:\/\/grotte-de-trabuc.com\/es\/author\/equipe_trabuc\/\" title=\"Entradas de equipe_trabuc\" rel=\"author\">equipe_trabuc<\/a><\/span><\/span><span class=\"updated rich-snippet-hidden\">2021-03-02T12:22:39+01:00<\/span><div class=\"panel-heading\"><h4 id=\"faq_1-1893\" class=\"panel-title toggle\"><a data-toggle=\"collapse\" class=\"collapsed\" data-parent=\"#accordian-1\" data-target=\"#collapse-1-1893\" href=\"#collapse-1-1893\" aria-expanded=\"false\"><div class=\"fusion-toggle-icon-wrapper\"><div class=\"fusion-toggle-icon-wrapper-main\"><div class=\"fusion-toggle-icon-wrapper-sub\"><i class=\"fa-fusion-box active-icon awb-icon-minus\" aria-hidden=\"true\"><\/i><i class=\"fa-fusion-box inactive-icon awb-icon-plus\" aria-hidden=\"true\"><\/i><\/div><\/div><\/div><div class=\"fusion-toggle-heading\">\u00bfD\u00f3nde podemos reservar?<\/div><\/a><\/h4><\/div><div id=\"collapse-1-1893\" aria-labelledby=\"faq_1-1893\" class=\"panel-collapse collapse\"><div class=\"panel-body toggle-content post-content\"><p>Puedes reservar tus <a href=\"https:\/\/grotte-de-trabuc.com\/es\/tarifas-taquilla\/\">billetes en l\u00ednea<\/a>, pero esto no es obligatorio (excepto para grupos). Si lo prefieres, puedes comprar tus boletos directamente en el sitio el d\u00eda de la visita (sujeto a disponibilidad).<\/p>\n<span class=\"et_bloom_bottom_trigger\"><\/span><\/div><\/div><\/div><div class=\"fusion-panel panel-default fusion-faq-post fusion-faq-post-3010 \"><span class=\"entry-title rich-snippet-hidden\">\u00bfCuales son los posibles medios de pago?<\/span><span class=\"vcard rich-snippet-hidden\"><span class=\"fn\"><a href=\"https:\/\/grotte-de-trabuc.com\/es\/author\/equipe_trabuc\/\" title=\"Entradas de equipe_trabuc\" rel=\"author\">equipe_trabuc<\/a><\/span><\/span><span class=\"updated rich-snippet-hidden\">2021-01-06T14:49:47+01:00<\/span><div class=\"panel-heading\"><h4 id=\"faq_1-3010\" class=\"panel-title toggle\"><a data-toggle=\"collapse\" class=\"collapsed\" data-parent=\"#accordian-1\" data-target=\"#collapse-1-3010\" href=\"#collapse-1-3010\" aria-expanded=\"false\"><div class=\"fusion-toggle-icon-wrapper\"><div class=\"fusion-toggle-icon-wrapper-main\"><div class=\"fusion-toggle-icon-wrapper-sub\"><i class=\"fa-fusion-box active-icon awb-icon-minus\" aria-hidden=\"true\"><\/i><i class=\"fa-fusion-box inactive-icon awb-icon-plus\" aria-hidden=\"true\"><\/i><\/div><\/div><\/div><div class=\"fusion-toggle-heading\">\u00bfCuales son los posibles medios de pago?<\/div><\/a><\/h4><\/div><div id=\"collapse-1-3010\" aria-labelledby=\"faq_1-3010\" class=\"panel-collapse collapse\"><div class=\"panel-body toggle-content post-content\"><p>Es posible de pagar en efectivo, y tarjeta de cr\u00e9dito.<\/p>\n<span class=\"et_bloom_bottom_trigger\"><\/span><\/div><\/div><\/div><div class=\"fusion-panel panel-default fusion-faq-post fusion-faq-post-1934 \"><span class=\"entry-title rich-snippet-hidden\">\u00bfHay estacionamiento gratuito disponible cerca de la cueva?<\/span><span class=\"vcard rich-snippet-hidden\"><span class=\"fn\"><a href=\"https:\/\/grotte-de-trabuc.com\/es\/author\/equipe_trabuc\/\" title=\"Entradas de equipe_trabuc\" rel=\"author\">equipe_trabuc<\/a><\/span><\/span><span class=\"updated rich-snippet-hidden\">2021-03-02T10:39:34+01:00<\/span><div class=\"panel-heading\"><h4 id=\"faq_1-1934\" class=\"panel-title toggle\"><a data-toggle=\"collapse\" class=\"collapsed\" data-parent=\"#accordian-1\" data-target=\"#collapse-1-1934\" href=\"#collapse-1-1934\" aria-expanded=\"false\"><div class=\"fusion-toggle-icon-wrapper\"><div class=\"fusion-toggle-icon-wrapper-main\"><div class=\"fusion-toggle-icon-wrapper-sub\"><i class=\"fa-fusion-box active-icon awb-icon-minus\" aria-hidden=\"true\"><\/i><i class=\"fa-fusion-box inactive-icon awb-icon-plus\" aria-hidden=\"true\"><\/i><\/div><\/div><\/div><div class=\"fusion-toggle-heading\">\u00bfHay estacionamiento gratuito disponible cerca de la cueva?<\/div><\/a><\/h4><\/div><div id=\"collapse-1-1934\" aria-labelledby=\"faq_1-1934\" class=\"panel-collapse collapse\"><div class=\"panel-body toggle-content post-content\"><p>S\u00ed, un amplio estacionamiento gratuito te permitir\u00e1 estacionarte frente al edificio de recepci\u00f3n de la\u00a0 cueva durante todas las temporadas. Encontrar\u00e1s en nuestro lobby con aire acondicionado natural, un bar con refrescos, helados y bebidas calientes, una tienda de recuerdos y muchos minerales para coleccionistas. Dos terrazas exteriores te permitir\u00e1n igualmente disfrutar de un descanso relajante frente a las Cevenas (les C\u00e9vennes).<\/p>\n<span class=\"et_bloom_bottom_trigger\"><\/span><\/div><\/div><\/div><div class=\"fusion-panel panel-default fusion-faq-post fusion-faq-post-1936 \"><span class=\"entry-title rich-snippet-hidden\">\u00bfQu\u00e9 otras actividades se encuentran alrededor de la cueva?<\/span><span class=\"vcard rich-snippet-hidden\"><span class=\"fn\"><a href=\"https:\/\/grotte-de-trabuc.com\/es\/author\/equipe_trabuc\/\" title=\"Entradas de equipe_trabuc\" rel=\"author\">equipe_trabuc<\/a><\/span><\/span><span class=\"updated rich-snippet-hidden\">2021-02-03T09:34:34+01:00<\/span><div class=\"panel-heading\"><h4 id=\"faq_1-1936\" class=\"panel-title toggle\"><a data-toggle=\"collapse\" class=\"collapsed\" data-parent=\"#accordian-1\" data-target=\"#collapse-1-1936\" href=\"#collapse-1-1936\" aria-expanded=\"false\"><div class=\"fusion-toggle-icon-wrapper\"><div class=\"fusion-toggle-icon-wrapper-main\"><div class=\"fusion-toggle-icon-wrapper-sub\"><i class=\"fa-fusion-box active-icon awb-icon-minus\" aria-hidden=\"true\"><\/i><i class=\"fa-fusion-box inactive-icon awb-icon-plus\" aria-hidden=\"true\"><\/i><\/div><\/div><\/div><div class=\"fusion-toggle-heading\">\u00bfQu\u00e9 otras actividades se encuentran alrededor de la cueva?<\/div><\/a><\/h4><\/div><div id=\"collapse-1-1936\" aria-labelledby=\"faq_1-1936\" class=\"panel-collapse collapse\"><div class=\"panel-body toggle-content post-content\"><p>Alrededor de la cueva de Trabuc, existe una multitud de puntos de inter\u00e9s tur\u00edstico. Hemos preparado una lista para que descubras estas actividades\u00a0 en nuestra p\u00e1gina <a href=\"https:\/\/grotte-de-trabuc.com\/es\/alrededor-de-la-cueva\/\">&#8220;Alrededor de la cueva&#8221;<\/a>.<\/p>\n<span class=\"et_bloom_bottom_trigger\"><\/span><\/div><\/div><\/div><div class=\"fusion-panel panel-default fusion-faq-post fusion-faq-post-1938 \"><span class=\"entry-title rich-snippet-hidden\">\u00bfC\u00f3mo llegar a la cueva?<\/span><span class=\"vcard rich-snippet-hidden\"><span class=\"fn\"><a href=\"https:\/\/grotte-de-trabuc.com\/es\/author\/equipe_trabuc\/\" title=\"Entradas de equipe_trabuc\" rel=\"author\">equipe_trabuc<\/a><\/span><\/span><span class=\"updated rich-snippet-hidden\">2021-05-04T14:46:49+02:00<\/span><div class=\"panel-heading\"><h4 id=\"faq_1-1938\" class=\"panel-title toggle\"><a data-toggle=\"collapse\" class=\"collapsed\" data-parent=\"#accordian-1\" data-target=\"#collapse-1-1938\" href=\"#collapse-1-1938\" aria-expanded=\"false\"><div class=\"fusion-toggle-icon-wrapper\"><div class=\"fusion-toggle-icon-wrapper-main\"><div class=\"fusion-toggle-icon-wrapper-sub\"><i class=\"fa-fusion-box active-icon awb-icon-minus\" aria-hidden=\"true\"><\/i><i class=\"fa-fusion-box inactive-icon awb-icon-plus\" aria-hidden=\"true\"><\/i><\/div><\/div><\/div><div class=\"fusion-toggle-heading\">\u00bfC\u00f3mo llegar a la cueva?<\/div><\/a><\/h4><\/div><div id=\"collapse-1-1938\" aria-labelledby=\"faq_1-1938\" class=\"panel-collapse collapse\"><div class=\"panel-body toggle-content post-content\"><p>Desde Anduze o de Saint Jean du Gard, siga las se\u00f1ales de tr\u00e1fico que indican la &#8220;Grotte de Trabuc&#8221; por la D50 (en la\u00a0 vall\u00e9e de Mialet &#8211; 30140). Estar\u00e1s a 20 minutos de camino.<\/p>\n<ul>\n<li>20 minutos d\u2019Al\u00e8s<\/li>\n<li>50 minutos de N\u00eemes<\/li>\n<li>1h10 de Montpellier<\/li>\n<li>1h15 d\u2019Avignon<\/li>\n<li>2h10 de Marseille<\/li>\n<li>2h40 de Lyon<\/li>\n<\/ul>\n<p>Para ver el mapa, dir\u00edjase a nuestra p\u00e1gina<a href=\"https:\/\/grotte-de-trabuc.com\/es\/venir-a-la-cueva\/\"> &#8220;Venir a la cueva&#8221;<\/a>.<\/p>\n<span class=\"et_bloom_bottom_trigger\"><\/span><\/div><\/div><\/div><div class=\"fusion-panel panel-default fusion-faq-post fusion-faq-post-1942 \"><span class=\"entry-title rich-snippet-hidden\">\u00bfPodemos visitar la sima durante los per\u00edodos de fuertes lluvias?<\/span><span class=\"vcard rich-snippet-hidden\"><span class=\"fn\"><a href=\"https:\/\/grotte-de-trabuc.com\/es\/author\/equipe_trabuc\/\" title=\"Entradas de equipe_trabuc\" rel=\"author\">equipe_trabuc<\/a><\/span><\/span><span class=\"updated rich-snippet-hidden\">2021-02-03T09:33:25+01:00<\/span><div class=\"panel-heading\"><h4 id=\"faq_1-1942\" class=\"panel-title toggle\"><a data-toggle=\"collapse\" class=\"collapsed\" data-parent=\"#accordian-1\" data-target=\"#collapse-1-1942\" href=\"#collapse-1-1942\" aria-expanded=\"false\"><div class=\"fusion-toggle-icon-wrapper\"><div class=\"fusion-toggle-icon-wrapper-main\"><div class=\"fusion-toggle-icon-wrapper-sub\"><i class=\"fa-fusion-box active-icon awb-icon-minus\" aria-hidden=\"true\"><\/i><i class=\"fa-fusion-box inactive-icon awb-icon-plus\" aria-hidden=\"true\"><\/i><\/div><\/div><\/div><div class=\"fusion-toggle-heading\">\u00bfPodemos visitar la sima durante los per\u00edodos de fuertes lluvias?<\/div><\/a><\/h4><\/div><div id=\"collapse-1-1942\" aria-labelledby=\"faq_1-1942\" class=\"panel-collapse collapse\"><div class=\"panel-body toggle-content post-content\"><p>S\u00ed, la cueva de Trabuc\u00a0 es accesible en todos los climas. Incluso te recomendamos que vengas a descubrir la cueva despu\u00e9s de las grandes lluvias de primavera y oto\u00f1o, para descubrir un universo subterr\u00e1neo en pleno metamorfosis.<\/p>\n<span class=\"et_bloom_bottom_trigger\"><\/span><\/div><\/div><\/div><div class=\"fusion-panel panel-default fusion-faq-post fusion-faq-post-1945 \"><span class=\"entry-title rich-snippet-hidden\">\u00bfHay una \u00e9poca del a\u00f1o m\u00e1s favorable para visitar?<\/span><span class=\"vcard rich-snippet-hidden\"><span class=\"fn\"><a href=\"https:\/\/grotte-de-trabuc.com\/es\/author\/equipe_trabuc\/\" title=\"Entradas de equipe_trabuc\" rel=\"author\">equipe_trabuc<\/a><\/span><\/span><span class=\"updated rich-snippet-hidden\">2021-02-03T09:33:07+01:00<\/span><div class=\"panel-heading\"><h4 id=\"faq_1-1945\" class=\"panel-title toggle\"><a data-toggle=\"collapse\" class=\"collapsed\" data-parent=\"#accordian-1\" data-target=\"#collapse-1-1945\" href=\"#collapse-1-1945\" aria-expanded=\"false\"><div class=\"fusion-toggle-icon-wrapper\"><div class=\"fusion-toggle-icon-wrapper-main\"><div class=\"fusion-toggle-icon-wrapper-sub\"><i class=\"fa-fusion-box active-icon awb-icon-minus\" aria-hidden=\"true\"><\/i><i class=\"fa-fusion-box inactive-icon awb-icon-plus\" aria-hidden=\"true\"><\/i><\/div><\/div><\/div><div class=\"fusion-toggle-heading\">\u00bfHay una \u00e9poca del a\u00f1o m\u00e1s favorable para visitar?<\/div><\/a><\/h4><\/div><div id=\"collapse-1-1945\" aria-labelledby=\"faq_1-1945\" class=\"panel-collapse collapse\"><div class=\"panel-body toggle-content post-content\"><p>La cueva de Trabuc es una cueva viviente (todav\u00eda en formaci\u00f3n). Seg\u00fan la estaci\u00f3n podr\u00e1s apreciar una cara diferente. En per\u00edodos de lluvia sostenida, podr\u00e1s ver cascadas m\u00e1s abundantes,\u00a0 piscinas de aguas turquesas acompa\u00f1adas de una atm\u00f3sfera de sonido. Sin embargo, durante la temporada de verano de julio y agosto, si la actividad de la escorrent\u00eda\u00a0 reduce su velocidad, la cueva os presentar\u00e1 mil y una facetas, el brillo natural de los cristales de calcita y otras concreciones coloradas.<\/p>\n<span class=\"et_bloom_bottom_trigger\"><\/span><\/div><\/div><\/div><div class=\"fusion-panel panel-default fusion-faq-post fusion-faq-post-7444 \"><span class=\"entry-title rich-snippet-hidden\">\u00bfHay per\u00edodos de apertura y horarios de visita para respetar?<\/span><span class=\"vcard rich-snippet-hidden\"><span class=\"fn\"><a href=\"https:\/\/grotte-de-trabuc.com\/es\/author\/equipe_trabuc\/\" title=\"Entradas de equipe_trabuc\" rel=\"author\">equipe_trabuc<\/a><\/span><\/span><span class=\"updated rich-snippet-hidden\">2025-01-20T15:47:53+01:00<\/span><div class=\"panel-heading\"><h4 id=\"faq_1-7444\" class=\"panel-title toggle\"><a data-toggle=\"collapse\" class=\"collapsed\" data-parent=\"#accordian-1\" data-target=\"#collapse-1-7444\" href=\"#collapse-1-7444\" aria-expanded=\"false\"><div class=\"fusion-toggle-icon-wrapper\"><div class=\"fusion-toggle-icon-wrapper-main\"><div class=\"fusion-toggle-icon-wrapper-sub\"><i class=\"fa-fusion-box active-icon awb-icon-minus\" aria-hidden=\"true\"><\/i><i class=\"fa-fusion-box inactive-icon awb-icon-plus\" aria-hidden=\"true\"><\/i><\/div><\/div><\/div><div class=\"fusion-toggle-heading\">\u00bfHay per\u00edodos de apertura y horarios de visita para respetar?<\/div><\/a><\/h4><\/div><div id=\"collapse-1-7444\" aria-labelledby=\"faq_1-7444\" class=\"panel-collapse collapse\"><div class=\"panel-body toggle-content post-content\"><p>La Gruta de Trabuc est\u00e1 abierta desde el primer fin de semana de febrero hasta finales de diciembre.<br \/>\nLos horarios de visita se fijan en julio y agosto. Fuera del periodo estival, las visitas pueden realizarse libremente a su llegada, gracias a la libertad que ofrece el sistema de audiogu\u00edas.<\/p>\n<p>Para obtener m\u00e1s informaci\u00f3n sobre los d\u00edas de apertura, visite nuestra p\u00e1gina <a href=\"https:\/\/grotte-de-trabuc.com\/es\/fechas-y-horarios\/\">&#8220;Fechas y horarios&#8221;<\/a>.<\/p>\n<span class=\"et_bloom_bottom_trigger\"><\/span><\/div><\/div><\/div><div class=\"fusion-panel panel-default fusion-faq-post fusion-faq-post-1949 \"><span class=\"entry-title rich-snippet-hidden\">\u00bfEs posible tomar fotos durante la visita?<\/span><span class=\"vcard rich-snippet-hidden\"><span class=\"fn\"><a href=\"https:\/\/grotte-de-trabuc.com\/es\/author\/equipe_trabuc\/\" title=\"Entradas de equipe_trabuc\" rel=\"author\">equipe_trabuc<\/a><\/span><\/span><span class=\"updated rich-snippet-hidden\">2020-06-12T15:36:53+02:00<\/span><div class=\"panel-heading\"><h4 id=\"faq_1-1949\" class=\"panel-title toggle\"><a data-toggle=\"collapse\" class=\"collapsed\" data-parent=\"#accordian-1\" data-target=\"#collapse-1-1949\" href=\"#collapse-1-1949\" aria-expanded=\"false\"><div class=\"fusion-toggle-icon-wrapper\"><div class=\"fusion-toggle-icon-wrapper-main\"><div class=\"fusion-toggle-icon-wrapper-sub\"><i class=\"fa-fusion-box active-icon awb-icon-minus\" aria-hidden=\"true\"><\/i><i class=\"fa-fusion-box inactive-icon awb-icon-plus\" aria-hidden=\"true\"><\/i><\/div><\/div><\/div><div class=\"fusion-toggle-heading\">\u00bfEs posible tomar fotos durante la visita?<\/div><\/a><\/h4><\/div><div id=\"collapse-1-1949\" aria-labelledby=\"faq_1-1949\" class=\"panel-collapse collapse\"><div class=\"panel-body toggle-content post-content\"><p>Las fotos y los videos est\u00e1n autorizados durante su visita, guardando respeto a los otros visitantes.<\/p>\n<span class=\"et_bloom_bottom_trigger\"><\/span><\/div><\/div><\/div><div class=\"fusion-panel panel-default fusion-faq-post fusion-faq-post-1951 \"><span class=\"entry-title rich-snippet-hidden\">\u00bfCu\u00e1nto dura la visita?<\/span><span class=\"vcard rich-snippet-hidden\"><span class=\"fn\"><a href=\"https:\/\/grotte-de-trabuc.com\/es\/author\/equipe_trabuc\/\" title=\"Entradas de equipe_trabuc\" rel=\"author\">equipe_trabuc<\/a><\/span><\/span><span class=\"updated rich-snippet-hidden\">2021-02-03T09:30:13+01:00<\/span><div class=\"panel-heading\"><h4 id=\"faq_1-1951\" class=\"panel-title toggle\"><a data-toggle=\"collapse\" class=\"collapsed\" data-parent=\"#accordian-1\" data-target=\"#collapse-1-1951\" href=\"#collapse-1-1951\" aria-expanded=\"false\"><div class=\"fusion-toggle-icon-wrapper\"><div class=\"fusion-toggle-icon-wrapper-main\"><div class=\"fusion-toggle-icon-wrapper-sub\"><i class=\"fa-fusion-box active-icon awb-icon-minus\" aria-hidden=\"true\"><\/i><i class=\"fa-fusion-box inactive-icon awb-icon-plus\" aria-hidden=\"true\"><\/i><\/div><\/div><\/div><div class=\"fusion-toggle-heading\">\u00bfCu\u00e1nto dura la visita?<\/div><\/a><\/h4><\/div><div id=\"collapse-1-1951\" aria-labelledby=\"faq_1-1951\" class=\"panel-collapse collapse\"><div class=\"panel-body toggle-content post-content\"><p>La visita guiada dura en promedio 1 hora. En los periodos donde el audio gu\u00eda funciona, existe la posibilidad de pasear al ritmo que desee.<\/p>\n<span class=\"et_bloom_bottom_trigger\"><\/span><\/div><\/div><\/div><div class=\"fusion-panel panel-default fusion-faq-post fusion-faq-post-1953 \"><span class=\"entry-title rich-snippet-hidden\">\u00bfSe requiere una vestimenta espec\u00edfica para la visita?<\/span><span class=\"vcard rich-snippet-hidden\"><span class=\"fn\"><a href=\"https:\/\/grotte-de-trabuc.com\/es\/author\/equipe_trabuc\/\" title=\"Entradas de equipe_trabuc\" rel=\"author\">equipe_trabuc<\/a><\/span><\/span><span class=\"updated rich-snippet-hidden\">2021-02-03T09:37:03+01:00<\/span><div class=\"panel-heading\"><h4 id=\"faq_1-1953\" class=\"panel-title toggle\"><a data-toggle=\"collapse\" class=\"collapsed\" data-parent=\"#accordian-1\" data-target=\"#collapse-1-1953\" href=\"#collapse-1-1953\" aria-expanded=\"false\"><div class=\"fusion-toggle-icon-wrapper\"><div class=\"fusion-toggle-icon-wrapper-main\"><div class=\"fusion-toggle-icon-wrapper-sub\"><i class=\"fa-fusion-box active-icon awb-icon-minus\" aria-hidden=\"true\"><\/i><i class=\"fa-fusion-box inactive-icon awb-icon-plus\" aria-hidden=\"true\"><\/i><\/div><\/div><\/div><div class=\"fusion-toggle-heading\">\u00bfSe requiere una vestimenta espec\u00edfica para la visita?<\/div><\/a><\/h4><\/div><div id=\"collapse-1-1953\" aria-labelledby=\"faq_1-1953\" class=\"panel-collapse collapse\"><div class=\"panel-body toggle-content post-content\"><p>No, la temperatura constante (verano e invierno) de 14 \u00b0 te refrescar\u00e1 en verano,\u00a0 los m\u00e1s frioleros\u00a0 podr\u00e1n pensar en traer un su\u00e9ter. Para los zapatos, todo tipo de zapatos te permitir\u00e1 de hacer la\u00a0 visita, pero si tienen zapatos cerrados, opten por ellos.<\/p>\n<span class=\"et_bloom_bottom_trigger\"><\/span><\/div><\/div><\/div><div class=\"fusion-panel panel-default fusion-faq-post fusion-faq-post-1955 \"><span class=\"entry-title rich-snippet-hidden\">\u00bfSe permite la visita de animales?<\/span><span class=\"vcard rich-snippet-hidden\"><span class=\"fn\"><a href=\"https:\/\/grotte-de-trabuc.com\/es\/author\/equipe_trabuc\/\" title=\"Entradas de equipe_trabuc\" rel=\"author\">equipe_trabuc<\/a><\/span><\/span><span class=\"updated rich-snippet-hidden\">2021-02-03T09:29:18+01:00<\/span><div class=\"panel-heading\"><h4 id=\"faq_1-1955\" class=\"panel-title toggle\"><a data-toggle=\"collapse\" class=\"collapsed\" data-parent=\"#accordian-1\" data-target=\"#collapse-1-1955\" href=\"#collapse-1-1955\" aria-expanded=\"false\"><div class=\"fusion-toggle-icon-wrapper\"><div class=\"fusion-toggle-icon-wrapper-main\"><div class=\"fusion-toggle-icon-wrapper-sub\"><i class=\"fa-fusion-box active-icon awb-icon-minus\" aria-hidden=\"true\"><\/i><i class=\"fa-fusion-box inactive-icon awb-icon-plus\" aria-hidden=\"true\"><\/i><\/div><\/div><\/div><div class=\"fusion-toggle-heading\">\u00bfSe permite la visita de animales?<\/div><\/a><\/h4><\/div><div id=\"collapse-1-1955\" aria-labelledby=\"faq_1-1955\" class=\"panel-collapse collapse\"><div class=\"panel-body toggle-content post-content\"><p>Son permitidos \u00fanicamente los animales peque\u00f1os con la condici\u00f3n de sean cargados en brazos durante toda la visita. Los perros m\u00e1s grandes podr\u00e1n quedarse afuera con una correa y estaremos encantados de darles algo de tomar si es requerido.<\/p>\n<span class=\"et_bloom_bottom_trigger\"><\/span><\/div><\/div><\/div><div class=\"fusion-panel panel-default fusion-faq-post fusion-faq-post-7438 \"><span class=\"entry-title rich-snippet-hidden\">\u00bfEl recorrido es accesible para personas con discapacidad?<\/span><span class=\"vcard rich-snippet-hidden\"><span class=\"fn\"><a href=\"https:\/\/grotte-de-trabuc.com\/es\/author\/equipe_trabuc\/\" title=\"Entradas de equipe_trabuc\" rel=\"author\">equipe_trabuc<\/a><\/span><\/span><span class=\"updated rich-snippet-hidden\">2021-02-03T09:28:50+01:00<\/span><div class=\"panel-heading\"><h4 id=\"faq_1-7438\" class=\"panel-title toggle\"><a data-toggle=\"collapse\" class=\"collapsed\" data-parent=\"#accordian-1\" data-target=\"#collapse-1-7438\" href=\"#collapse-1-7438\" aria-expanded=\"false\"><div class=\"fusion-toggle-icon-wrapper\"><div class=\"fusion-toggle-icon-wrapper-main\"><div class=\"fusion-toggle-icon-wrapper-sub\"><i class=\"fa-fusion-box active-icon awb-icon-minus\" aria-hidden=\"true\"><\/i><i class=\"fa-fusion-box inactive-icon awb-icon-plus\" aria-hidden=\"true\"><\/i><\/div><\/div><\/div><div class=\"fusion-toggle-heading\">\u00bfEl recorrido es accesible para personas con discapacidad?<\/div><\/a><\/h4><\/div><div id=\"collapse-1-7438\" aria-labelledby=\"faq_1-7438\" class=\"panel-collapse collapse\"><div class=\"panel-body toggle-content post-content\"><p>El edificio de recepci\u00f3n es accesible para todos. Sin embargo, el acceso a la cueva de\u00a0 personas con discapacidades motoras no puede considerarse porque el acondicionamiento\u00a0 interior est\u00e1 obligado a respetar el sitio\u00a0 natural de la cueva de Trabuc. Debe tomarse en cuenta que hay 206 escalones por recorrer, en la ida tanto como en el regreso.<\/p>\n<span class=\"et_bloom_bottom_trigger\"><\/span><\/div><\/div><\/div><div class=\"fusion-panel panel-default fusion-faq-post fusion-faq-post-1959 \"><span class=\"entry-title rich-snippet-hidden\">\u00bfSe puede acceder al recorrido con un cochecito?<\/span><span class=\"vcard rich-snippet-hidden\"><span class=\"fn\"><a href=\"https:\/\/grotte-de-trabuc.com\/es\/author\/equipe_trabuc\/\" title=\"Entradas de equipe_trabuc\" rel=\"author\">equipe_trabuc<\/a><\/span><\/span><span class=\"updated rich-snippet-hidden\">2021-02-03T09:28:27+01:00<\/span><div class=\"panel-heading\"><h4 id=\"faq_1-1959\" class=\"panel-title toggle\"><a data-toggle=\"collapse\" class=\"collapsed\" data-parent=\"#accordian-1\" data-target=\"#collapse-1-1959\" href=\"#collapse-1-1959\" aria-expanded=\"false\"><div class=\"fusion-toggle-icon-wrapper\"><div class=\"fusion-toggle-icon-wrapper-main\"><div class=\"fusion-toggle-icon-wrapper-sub\"><i class=\"fa-fusion-box active-icon awb-icon-minus\" aria-hidden=\"true\"><\/i><i class=\"fa-fusion-box inactive-icon awb-icon-plus\" aria-hidden=\"true\"><\/i><\/div><\/div><\/div><div class=\"fusion-toggle-heading\">\u00bfSe puede acceder al recorrido con un cochecito?<\/div><\/a><\/h4><\/div><div id=\"collapse-1-1959\" aria-labelledby=\"faq_1-1959\" class=\"panel-collapse collapse\"><div class=\"panel-body toggle-content post-content\"><p>No se recomienda descender a la cueva en cochecito porque la configuraci\u00f3n natural de la cavidad no se presta a ello. La cueva es un sitio protegido y hemos tenido que respetar ciertas reglas de construcci\u00f3n para preservar nuestro patrimonio milenario. Por lo tanto, se recomienda un portabeb\u00e9s.<\/p>\n<span class=\"et_bloom_bottom_trigger\"><\/span><\/div><\/div><\/div><div class=\"fusion-panel panel-default fusion-faq-post fusion-faq-post-1961 \"><span class=\"entry-title rich-snippet-hidden\">\u00bfDesde qu\u00e9 edad podemos visitar?<\/span><span class=\"vcard rich-snippet-hidden\"><span class=\"fn\"><a href=\"https:\/\/grotte-de-trabuc.com\/es\/author\/equipe_trabuc\/\" title=\"Entradas de equipe_trabuc\" rel=\"author\">equipe_trabuc<\/a><\/span><\/span><span class=\"updated rich-snippet-hidden\">2021-03-02T12:25:02+01:00<\/span><div class=\"panel-heading\"><h4 id=\"faq_1-1961\" class=\"panel-title toggle\"><a data-toggle=\"collapse\" class=\"collapsed\" data-parent=\"#accordian-1\" data-target=\"#collapse-1-1961\" href=\"#collapse-1-1961\" aria-expanded=\"false\"><div class=\"fusion-toggle-icon-wrapper\"><div class=\"fusion-toggle-icon-wrapper-main\"><div class=\"fusion-toggle-icon-wrapper-sub\"><i class=\"fa-fusion-box active-icon awb-icon-minus\" aria-hidden=\"true\"><\/i><i class=\"fa-fusion-box inactive-icon awb-icon-plus\" aria-hidden=\"true\"><\/i><\/div><\/div><\/div><div class=\"fusion-toggle-heading\">\u00bfDesde qu\u00e9 edad podemos visitar?<\/div><\/a><\/h4><\/div><div id=\"collapse-1-1961\" aria-labelledby=\"faq_1-1961\" class=\"panel-collapse collapse\"><div class=\"panel-body toggle-content post-content\"><p>Para todas las edades, ni\u00f1os y adultos apreciar\u00e1n por igual la diversidad viviente de la cueva. En los senderos marcados los m\u00e1s j\u00f3venes deber\u00e1n permanecer bajo la supervisi\u00f3n de sus acompa\u00f1adores en todo momento.<\/p>\n<span class=\"et_bloom_bottom_trigger\"><\/span><\/div><\/div><\/div><\/div><\/div><\/div><\/div><div class=\"fusion-clearfix\"><\/div><\/div><\/div><\/div><\/div>\n<span class=\"et_bloom_bottom_trigger\"><\/span>","protected":false},"excerpt":{"rendered":"","protected":false},"author":1,"featured_media":0,"parent":0,"menu_order":0,"comment_status":"closed","ping_status":"closed","template":"template-faq.php","meta":{"_acf_changed":false,"inline_featured_image":false,"footnotes":""},"class_list":["post-483","page","type-page","status-publish","hentry"],"acf":[],"_links":{"self":[{"href":"https:\/\/grotte-de-trabuc.com\/es\/wp-json\/wp\/v2\/pages\/483","targetHints":{"allow":["GET"]}}],"collection":[{"href":"https:\/\/grotte-de-trabuc.com\/es\/wp-json\/wp\/v2\/pages"}],"about":[{"href":"https:\/\/grotte-de-trabuc.com\/es\/wp-json\/wp\/v2\/types\/page"}],"author":[{"embeddable":true,"href":"https:\/\/grotte-de-trabuc.com\/es\/wp-json\/wp\/v2\/users\/1"}],"replies":[{"embeddable":true,"href":"https:\/\/grotte-de-trabuc.com\/es\/wp-json\/wp\/v2\/comments?post=483"}],"version-history":[{"count":11,"href":"https:\/\/grotte-de-trabuc.com\/es\/wp-json\/wp\/v2\/pages\/483\/revisions"}],"predecessor-version":[{"id":8566,"href":"https:\/\/grotte-de-trabuc.com\/es\/wp-json\/wp\/v2\/pages\/483\/revisions\/8566"}],"wp:attachment":[{"href":"https:\/\/grotte-de-trabuc.com\/es\/wp-json\/wp\/v2\/media?parent=483"}],"curies":[{"name":"wp","href":"https:\/\/api.w.org\/{rel}","templated":true}]}}